{"id":29,"date":"2024-01-24T11:42:11","date_gmt":"2024-01-24T10:42:11","guid":{"rendered":"http:\/\/photographie-oeuvres.fr\/?page_id=29"},"modified":"2025-10-02T16:13:32","modified_gmt":"2025-10-02T14:13:32","slug":"a-propos","status":"publish","type":"page","link":"https:\/\/photographie-oeuvres.fr\/index.php\/a-propos\/","title":{"rendered":""},"content":{"rendered":"\n<p class=\"has-small-font-size\"><\/p>\n\n\n\n<p class=\"has-system-font-font-family has-custom-font\" style=\"font-family:system-font\"><strong>\u00c0 propos<\/strong>    <\/p>\n\n\n\n<p class=\"has-system-font-font-family has-custom-font\" style=\"font-family:system-font\">                              <br>Dipl\u00f4m\u00e9e de l\u2019\u00c9cole de Cond\u00e9 (2003) et de l\u2019\u00c9cole des Gobelins (2006), je me suis sp\u00e9cialis\u00e9e dans la photographie d\u2019\u0153uvres d\u2019art afin d\u2019accompagner artistes, galeries et institutions dans la valorisation de leurs cr\u00e9ations.\u2028                                                                                                     Mon approche vise \u00e0 restituer avec pr\u00e9cision les mati\u00e8res, les couleurs et l\u2019intention de chaque \u0153uvre, en respectant au plus pr\u00e8s la r\u00e9alit\u00e9 visuelle.<\/p>\n\n\n\n<div style=\"height:26px\" aria-hidden=\"true\" class=\"wp-block-spacer\"><\/div>\n\n\n\n<p class=\"has-system-font-font-family has-custom-font\" style=\"font-family:system-font\"><strong>Prestations principales<\/strong><\/p>\n\n\n\n<p class=\"has-system-font-font-family has-custom-font\" style=\"font-family:system-font\"><strong>Reproduction d\u2019\u0153uvres en conditions studio<\/strong> (\u00e0 domicile ou sur site)<br><\/p>\n\n\n\n<ul class=\"wp-block-list\">\n<li class=\"has-system-font-font-family\">D\u00e9placement en r\u00e9gion parisienne et partout en France<br><\/li>\n\n\n\n<li class=\"has-system-font-font-family\">Installation d\u2019un studio mobile adapt\u00e9 \u00e0 vos espaces<br><\/li>\n\n\n\n<li class=\"has-system-font-font-family\">Photographie d\u2019\u0153uvres de toutes techniques : peinture, dessin, sculpture, gravure, objet d\u2019art, etc.<br><\/li>\n\n\n\n<li class=\"has-system-font-font-family\">Mat\u00e9riel professionnel : appareil Canon plein format (20 Mpx), flashs \u00e9lectroniques, charte de couleur pour une fid\u00e9lit\u00e9 maximale<br><\/li>\n\n\n\n<li class=\"has-system-font-font-family\">Livraison des fichiers num\u00e9riques retouch\u00e9s aux formats TIFF et JPG, en haute et basse d\u00e9finition<\/li>\n<\/ul>\n\n\n\n<p><\/p>\n\n\n\n<p class=\"has-system-font-font-family has-custom-font\" style=\"font-family:system-font\"><strong>Prises de vue in situ<\/strong><br><\/p>\n\n\n\n<ul class=\"wp-block-list\">\n<li class=\"has-system-font-font-family\">Expositions, installations, stands de galeries lors de foires<br><\/li>\n\n\n\n<li class=\"has-system-font-font-family\">Reportages photographiques d\u2019\u00e9v\u00e9nements artistiques<\/li>\n<\/ul>\n\n\n\n<p class=\"has-system-font-font-family has-custom-font\" style=\"font-family:system-font\"><br><strong>Portraits &amp; ateliers<\/strong><br><\/p>\n\n\n\n<ul class=\"wp-block-list\">\n<li class=\"has-system-font-font-family\">Portraits d\u2019artistes et vues d\u2019atelier pour vos supports de communication<br><\/li>\n\n\n\n<li class=\"has-system-font-font-family\">Images sensibles et authentiques pour catalogues, sites web et presse<\/li>\n<\/ul>\n\n\n\n<p class=\"has-system-font-font-family has-custom-font\" style=\"font-family:system-font\"><br><strong>Vid\u00e9o<\/strong><br><\/p>\n\n\n\n<ul class=\"wp-block-list\">\n<li class=\"has-system-font-font-family\">R\u00e9alisation de vid\u00e9os d\u2019\u0153uvres cin\u00e9tiques ou multim\u00e9dia<br><\/li>\n\n\n\n<li class=\"has-system-font-font-family\">Captation d\u2019expositions et d\u2019espaces d\u2019exposition<\/li>\n<\/ul>\n\n\n\n<p class=\"has-system-font-font-family has-custom-font\" style=\"font-family:system-font\"><\/p>\n\n\n\n<div style=\"height:100px\" aria-hidden=\"true\" class=\"wp-block-spacer\"><\/div>\n\n\n\n<p class=\"has-system-font-font-family has-custom-font\" style=\"font-family:system-font\">Tarifs sur devis : <a href=\"mailto:contact@katrinbackes.com\" target=\"_blank\" rel=\"noreferrer noopener\">contact@katrinbackes.com<\/a><\/p>\n\n\n\n<hr class=\"wp-block-separator has-alpha-channel-opacity is-style-default\" style=\"margin-top:var(--wp--preset--spacing--70);margin-bottom:var(--wp--preset--spacing--70)\"\/>\n\n\n\n<p><\/p>\n\n\n\n<p class=\"is-style-default has-system-font-font-family has-custom-font\" style=\"font-family:system-font\"><strong>R\u00e9f\u00e9rences :<\/strong><\/p>\n\n\n\n<p class=\"is-style-default has-system-font-font-family has-custom-font\" style=\"font-family:system-font\">De nombreux artistes, collectionneurs et institutions ont d\u00e9j\u00e0 fait appel \u00e0 mes services.           Mes photographies d\u2019\u0153uvres ont notamment \u00e9t\u00e9 reproduites dans des catalogues d&rsquo;exposition (\u00ab\u00a0Toyen, l&rsquo;\u00e9cart absolu\u00a0\u00bb, Galerie Nationale de Prague, Hamburger Kunsthalle et Mus\u00e9e d&rsquo;Art Moderne de Paris, 2022 ; \u00ab\u00a0Des Cheveux et des poils\u00a0\u00bb, Mus\u00e9e des Arts d\u00e9coratifs, 2023 ; \u00ab\u00a0Merveilleuse Utopie\u00a0\u00bb, Maison Andr\u00e9 Breton, 2024), ainsi que dans diff\u00e9rentes revues (<em>Beaux Arts Magazine<\/em>, <em>Connaissance des Arts, L\u2019<em>\u0152<\/em>il<\/em>, etc.)<\/p>\n\n\n\n<div style=\"height:100px\" aria-hidden=\"true\" class=\"wp-block-spacer\"><\/div>\n","protected":false},"excerpt":{"rendered":"<p>\u00c0 propos Dipl\u00f4m\u00e9e de l\u2019\u00c9cole de Cond\u00e9 (2003) et de l\u2019\u00c9cole des Gobelins (2006), je me suis sp\u00e9cialis\u00e9e dans la photographie d\u2019\u0153uvres d\u2019art afin d\u2019accompagner artistes, galeries et institutions dans la valorisation de leurs cr\u00e9ations.\u2028 Mon approche vise \u00e0 restituer avec pr\u00e9cision les mati\u00e8res, les couleurs et l\u2019intention de chaque \u0153uvre, en respectant au plus [&hellip;]<\/p>\n","protected":false},"author":1,"featured_media":0,"parent":0,"menu_order":1,"comment_status":"closed","ping_status":"closed","template":"","meta":{"_coblocks_attr":"","_coblocks_dimensions":"","_coblocks_responsive_height":"","_coblocks_accordion_ie_support":"","footnotes":""},"class_list":["post-29","page","type-page","status-publish","hentry"],"_links":{"self":[{"href":"https:\/\/photographie-oeuvres.fr\/index.php\/wp-json\/wp\/v2\/pages\/29","targetHints":{"allow":["GET"]}}],"collection":[{"href":"https:\/\/photographie-oeuvres.fr\/index.php\/wp-json\/wp\/v2\/pages"}],"about":[{"href":"https:\/\/photographie-oeuvres.fr\/index.php\/wp-json\/wp\/v2\/types\/page"}],"author":[{"embeddable":true,"href":"https:\/\/photographie-oeuvres.fr\/index.php\/wp-json\/wp\/v2\/users\/1"}],"replies":[{"embeddable":true,"href":"https:\/\/photographie-oeuvres.fr\/index.php\/wp-json\/wp\/v2\/comments?post=29"}],"version-history":[{"count":46,"href":"https:\/\/photographie-oeuvres.fr\/index.php\/wp-json\/wp\/v2\/pages\/29\/revisions"}],"predecessor-version":[{"id":551,"href":"https:\/\/photographie-oeuvres.fr\/index.php\/wp-json\/wp\/v2\/pages\/29\/revisions\/551"}],"wp:attachment":[{"href":"https:\/\/photographie-oeuvres.fr\/index.php\/wp-json\/wp\/v2\/media?parent=29"}],"curies":[{"name":"wp","href":"https:\/\/api.w.org\/{rel}","templated":true}]}}